{"id":9696,"date":"2024-01-14T15:02:47","date_gmt":"2024-01-14T15:02:47","guid":{"rendered":"https:\/\/www.europeansforartsakh.eu\/?page_id=9696"},"modified":"2024-01-25T21:48:35","modified_gmt":"2024-01-25T21:48:35","slug":"frontpage","status":"publish","type":"page","link":"https:\/\/www.europeansforartsakh.eu\/fr\/","title":{"rendered":"FrontPage"},"content":{"rendered":"<div data-elementor-type=\"wp-page\" data-elementor-id=\"9696\" class=\"elementor elementor-9696\">\n\t\t\t\t\t\t\t\t\t<section class=\"elementor-section elementor-top-section elementor-element elementor-element-5065c36 elementor-section-boxed elementor-section-height-default elementor-section-height-default\" data-id=\"5065c36\" data-element_type=\"section\">\n\t\t\t\t\t\t<div class=\"elementor-container elementor-column-gap-default\">\n\t\t\t\t\t<div class=\"elementor-column elementor-col-100 elementor-top-column elementor-element elementor-element-341529d\" data-id=\"341529d\" data-element_type=\"column\">\n\t\t\t<div class=\"elementor-widget-wrap\">\n\t\t\t\t\t\t\t\t\t<\/div>\n\t\t<\/div>\n\t\t\t\t\t\t\t<\/div>\n\t\t<\/section>\n\t\t\t\t<section class=\"elementor-section elementor-top-section elementor-element elementor-element-07e2d31 elementor-section-boxed elementor-section-height-default elementor-section-height-default\" data-id=\"07e2d31\" data-element_type=\"section\">\n\t\t\t\t\t\t<div class=\"elementor-container elementor-column-gap-default\">\n\t\t\t\t\t<div class=\"elementor-column elementor-col-100 elementor-top-column elementor-element elementor-element-4013a5f\" data-id=\"4013a5f\" data-element_type=\"column\">\n\t\t\t<div class=\"elementor-widget-wrap elementor-element-populated\">\n\t\t\t\t\t\t\t\t<div class=\"elementor-element elementor-element-0769b18 elementor-widget elementor-widget-text-editor\" data-id=\"0769b18\" data-element_type=\"widget\" data-no-translation=\"\" data-widget_type=\"text-editor.default\">\n\t\t\t\t<div class=\"elementor-widget-container\">\n\t\t\t<style>\/*! elementor - v3.15.0 - 09-08-2023 *\/\n.elementor-widget-text-editor.elementor-drop-cap-view-stacked .elementor-drop-cap{background-color:#69727d;color:#fff}.elementor-widget-text-editor.elementor-drop-cap-view-framed .elementor-drop-cap{color:#69727d;border:3px solid;background-color:transparent}.elementor-widget-text-editor:not(.elementor-drop-cap-view-default) .elementor-drop-cap{margin-top:8px}.elementor-widget-text-editor:not(.elementor-drop-cap-view-default) .elementor-drop-cap-letter{width:1em;height:1em}.elementor-widget-text-editor .elementor-drop-cap{float:left;text-align:center;line-height:1;font-size:50px}.elementor-widget-text-editor .elementor-drop-cap-letter{display:inline-block}<\/style><style>.elementor-element-0769b18{display:none !important}<\/style>\t\t<\/div>\n\t\t\t\t<\/div>\n\t\t\t\t\t<\/div>\n\t\t<\/div>\n\t\t\t\t\t\t\t<\/div>\n\t\t<\/section>\n\t\t\t\t<section class=\"elementor-section elementor-top-section elementor-element elementor-element-0945b6b elementor-section-boxed elementor-section-height-default elementor-section-height-default\" data-id=\"0945b6b\" data-element_type=\"section\">\n\t\t\t\t\t\t<div class=\"elementor-container elementor-column-gap-default\">\n\t\t\t\t\t<div class=\"elementor-column elementor-col-100 elementor-top-column elementor-element elementor-element-e431220\" data-id=\"e431220\" data-element_type=\"column\">\n\t\t\t<div class=\"elementor-widget-wrap elementor-element-populated\">\n\t\t\t\t\t\t\t\t<div class=\"elementor-element elementor-element-74e1030 elementor-widget elementor-widget-text-editor\" data-id=\"74e1030\" data-element_type=\"widget\" data-no-translation=\"\" data-widget_type=\"text-editor.default\">\n\t\t\t\t<div class=\"elementor-widget-container\">\n\t\t\t\t\t\t\t<p><span style=\"font-size: 23.000000pt; font-family: 'HelveticaNeue'; font-weight: bold;\">MOBILISATION<br \/><\/span><span style=\"font-size: 23.000000pt; font-family: 'HelveticaNeue'; font-weight: bold; color: rgb(75.294120%, 0.000000%, 0.000000%);\">LES 27 ET 28 JANVIER 2024<\/span><span style=\"font-size: 23.000000pt; font-family: 'HelveticaNeue'; font-weight: bold;\"><br \/>DANS PLUS DE 50 VILLES D\u2019EUROPE <\/span><\/p>\t\t\t\t\t\t<\/div>\n\t\t\t\t<\/div>\n\t\t\t\t\t<\/div>\n\t\t<\/div>\n\t\t\t\t\t\t\t<\/div>\n\t\t<\/section>\n\t\t\t\t<section class=\"elementor-section elementor-top-section elementor-element elementor-element-9fbc22e elementor-section-boxed elementor-section-height-default elementor-section-height-default\" data-id=\"9fbc22e\" data-element_type=\"section\">\n\t\t\t\t\t\t<div class=\"elementor-container elementor-column-gap-default\">\n\t\t\t\t\t<div class=\"elementor-column elementor-col-100 elementor-top-column elementor-element elementor-element-3695ea1\" data-id=\"3695ea1\" data-element_type=\"column\">\n\t\t\t<div class=\"elementor-widget-wrap elementor-element-populated\">\n\t\t\t\t\t\t\t\t<div class=\"elementor-element elementor-element-5d50bcc elementor-widget elementor-widget-image\" data-id=\"5d50bcc\" data-element_type=\"widget\" data-no-translation=\"\" data-widget_type=\"image.default\">\n\t\t\t\t<div class=\"elementor-widget-container\">\n\t\t\t<style>\/*! elementor - v3.15.0 - 09-08-2023 *\/\n.elementor-widget-image{text-align:center}.elementor-widget-image a{display:inline-block}.elementor-widget-image a img[src$=\".svg\"]{width:48px}.elementor-widget-image img{vertical-align:middle;display:inline-block}<\/style><style>.elementor-element-5d50bcc{display:none !important}<\/style>\t\t<\/div>\n\t\t\t\t<\/div>\n\t\t\t\t\t<\/div>\n\t\t<\/div>\n\t\t\t\t\t\t\t<\/div>\n\t\t<\/section>\n\t\t\t\t<section class=\"elementor-section elementor-top-section elementor-element elementor-element-5c31904 elementor-section-boxed elementor-section-height-default elementor-section-height-default\" data-id=\"5c31904\" data-element_type=\"section\">\n\t\t\t\t\t\t<div class=\"elementor-container elementor-column-gap-default\">\n\t\t\t\t\t<div class=\"elementor-column elementor-col-100 elementor-top-column elementor-element elementor-element-4060163\" data-id=\"4060163\" data-element_type=\"column\">\n\t\t\t<div class=\"elementor-widget-wrap elementor-element-populated\">\n\t\t\t\t\t\t\t\t<div class=\"elementor-element elementor-element-3c63104 elementor-widget elementor-widget-image\" data-id=\"3c63104\" data-element_type=\"widget\" data-no-translation=\"\" data-widget_type=\"image.default\">\n\t\t\t\t<div class=\"elementor-widget-container\">\n\t\t\t\t\t\t\t\t\t\t\t\t\t\t\t<img loading=\"lazy\" decoding=\"async\" width=\"480\" height=\"480\" src=\"https:\/\/www.europeansforartsakh.eu\/wp-content\/uploads\/2024\/01\/mobilisation_fr-480x480.jpeg\" class=\"attachment-sydney-mas-thumb size-sydney-mas-thumb wp-image-9710\" alt=\"\" srcset=\"https:\/\/www.europeansforartsakh.eu\/wp-content\/uploads\/2024\/01\/mobilisation_fr-480x480.jpeg 480w, https:\/\/www.europeansforartsakh.eu\/wp-content\/uploads\/2024\/01\/mobilisation_fr-300x300.jpeg 300w, https:\/\/www.europeansforartsakh.eu\/wp-content\/uploads\/2024\/01\/mobilisation_fr-1024x1024.jpeg 1024w, https:\/\/www.europeansforartsakh.eu\/wp-content\/uploads\/2024\/01\/mobilisation_fr-150x150.jpeg 150w, https:\/\/www.europeansforartsakh.eu\/wp-content\/uploads\/2024\/01\/mobilisation_fr-768x768.jpeg 768w, https:\/\/www.europeansforartsakh.eu\/wp-content\/uploads\/2024\/01\/mobilisation_fr-1536x1536.jpeg 1536w, https:\/\/www.europeansforartsakh.eu\/wp-content\/uploads\/2024\/01\/mobilisation_fr-12x12.jpeg 12w, https:\/\/www.europeansforartsakh.eu\/wp-content\/uploads\/2024\/01\/mobilisation_fr-1000x1000.jpeg 1000w, https:\/\/www.europeansforartsakh.eu\/wp-content\/uploads\/2024\/01\/mobilisation_fr-230x230.jpeg 230w, https:\/\/www.europeansforartsakh.eu\/wp-content\/uploads\/2024\/01\/mobilisation_fr-350x350.jpeg 350w, https:\/\/www.europeansforartsakh.eu\/wp-content\/uploads\/2024\/01\/elementor\/thumbs\/mobilisation_fr-qiayhrzpoj5ma47vhnlxj9gopiwdr9apmfr73t2lu4.jpeg 526w, https:\/\/www.europeansforartsakh.eu\/wp-content\/uploads\/2024\/01\/mobilisation_fr.jpeg 1600w\" sizes=\"auto, (max-width: 480px) 100vw, 480px\" \/>\t\t\t\t\t\t\t\t\t\t\t\t\t\t\t<\/div>\n\t\t\t\t<\/div>\n\t\t\t\t\t<\/div>\n\t\t<\/div>\n\t\t\t\t\t\t\t<\/div>\n\t\t<\/section>\n\t\t\t\t<section class=\"elementor-section elementor-top-section elementor-element elementor-element-5e55df2 elementor-section-boxed elementor-section-height-default elementor-section-height-default\" data-id=\"5e55df2\" data-element_type=\"section\">\n\t\t\t\t\t\t<div class=\"elementor-container elementor-column-gap-default\">\n\t\t\t\t\t<div class=\"elementor-column elementor-col-100 elementor-top-column elementor-element elementor-element-e3af65b\" data-id=\"e3af65b\" data-element_type=\"column\">\n\t\t\t<div class=\"elementor-widget-wrap elementor-element-populated\">\n\t\t\t\t\t\t\t\t<div class=\"elementor-element elementor-element-8acade0 elementor-widget elementor-widget-text-editor\" data-id=\"8acade0\" data-element_type=\"widget\" data-no-translation=\"\" data-widget_type=\"text-editor.default\">\n\t\t\t\t<div class=\"elementor-widget-container\">\n\t\t\t<style>.elementor-element-8acade0{display:none !important}<\/style>\t\t<\/div>\n\t\t\t\t<\/div>\n\t\t\t\t\t<\/div>\n\t\t<\/div>\n\t\t\t\t\t\t\t<\/div>\n\t\t<\/section>\n\t\t\t\t<section class=\"elementor-section elementor-top-section elementor-element elementor-element-3e777c7 elementor-section-boxed elementor-section-height-default elementor-section-height-default\" data-id=\"3e777c7\" data-element_type=\"section\">\n\t\t\t\t\t\t<div class=\"elementor-container elementor-column-gap-default\">\n\t\t\t\t\t<div class=\"elementor-column elementor-col-100 elementor-top-column elementor-element elementor-element-509301a\" data-id=\"509301a\" data-element_type=\"column\">\n\t\t\t<div class=\"elementor-widget-wrap elementor-element-populated\">\n\t\t\t\t\t\t\t\t<div class=\"elementor-element elementor-element-562186f elementor-widget elementor-widget-text-editor\" data-id=\"562186f\" data-element_type=\"widget\" data-no-translation=\"\" data-widget_type=\"text-editor.default\">\n\t\t\t\t<div class=\"elementor-widget-container\">\n\t\t\t\t\t\t\t<p>Parce que les Artsakhiotes ont pris, contraints, la route de l\u2019exode face aux agressions et au blocus criminel impose\u0301 par la dictature aze\u0301rie,<\/p>\n<p>Parce que l\u2019E\u0301tat et le peuple arme\u0301niens ont encore beaucoup a\u0300 perdre,<\/p>\n<p>Parce que l\u2019Azerbai\u0308djan de\u0301tient toujours des prisonniers et otages arme\u0301niens,<\/p>\n<p>Parce que le temps est a\u0300 l\u2019Union, <br><\/p>\n<p>LE COMBAT CONTINUE !<br><\/p>\n<div class=\"page\" title=\"Page 2\">\n<div class=\"section\">\n<div class=\"layoutArea\">\n<div class=\"column\">\n<p>A\u0300 l\u2019instar de la forte mobilisation pan-europe\u0301enne du 1er octobre 2023, le mouvement \u00ab Europeans for Artsakh \u00bb appelle les citoyens d\u2019Europe et les amis de l\u2019Artsakh a\u0300 faire entendre leur voix pour : <\/p>\n<\/div>\n<\/div>\n<\/div>\n<\/div>\t\t\t\t\t\t<\/div>\n\t\t\t\t<\/div>\n\t\t\t\t\t<\/div>\n\t\t<\/div>\n\t\t\t\t\t\t\t<\/div>\n\t\t<\/section>\n\t\t\t\t<section class=\"elementor-section elementor-top-section elementor-element elementor-element-f2f8fde elementor-section-boxed elementor-section-height-default elementor-section-height-default\" data-id=\"f2f8fde\" data-element_type=\"section\">\n\t\t\t\t\t\t<div class=\"elementor-container elementor-column-gap-default\">\n\t\t\t\t\t<div class=\"elementor-column elementor-col-50 elementor-top-column elementor-element elementor-element-dfce018\" data-id=\"dfce018\" data-element_type=\"column\">\n\t\t\t<div class=\"elementor-widget-wrap elementor-element-populated\">\n\t\t\t\t\t\t\t\t<div class=\"elementor-element elementor-element-bd425e2 elementor-widget elementor-widget-image\" data-id=\"bd425e2\" data-element_type=\"widget\" data-no-translation=\"\" data-widget_type=\"image.default\">\n\t\t\t\t<div class=\"elementor-widget-container\">\n\t\t\t<style>.elementor-element-bd425e2{display:none !important}<\/style>\t\t<\/div>\n\t\t\t\t<\/div>\n\t\t\t\t<div class=\"elementor-element elementor-element-d7af106 elementor-widget elementor-widget-image\" data-id=\"d7af106\" data-element_type=\"widget\" data-no-translation=\"\" data-widget_type=\"image.default\">\n\t\t\t\t<div class=\"elementor-widget-container\">\n\t\t\t\t\t\t\t\t\t\t\t\t\t\t\t<img loading=\"lazy\" decoding=\"async\" width=\"1024\" height=\"1024\" src=\"https:\/\/www.europeansforartsakh.eu\/wp-content\/uploads\/2024\/01\/prisonniers_fr-1024x1024.jpeg\" class=\"attachment-large size-large wp-image-9712\" alt=\"\" srcset=\"https:\/\/www.europeansforartsakh.eu\/wp-content\/uploads\/2024\/01\/prisonniers_fr-1024x1024.jpeg 1024w, https:\/\/www.europeansforartsakh.eu\/wp-content\/uploads\/2024\/01\/prisonniers_fr-300x300.jpeg 300w, https:\/\/www.europeansforartsakh.eu\/wp-content\/uploads\/2024\/01\/prisonniers_fr-150x150.jpeg 150w, https:\/\/www.europeansforartsakh.eu\/wp-content\/uploads\/2024\/01\/prisonniers_fr-768x768.jpeg 768w, https:\/\/www.europeansforartsakh.eu\/wp-content\/uploads\/2024\/01\/prisonniers_fr-12x12.jpeg 12w, https:\/\/www.europeansforartsakh.eu\/wp-content\/uploads\/2024\/01\/prisonniers_fr-1000x1000.jpeg 1000w, https:\/\/www.europeansforartsakh.eu\/wp-content\/uploads\/2024\/01\/prisonniers_fr-230x230.jpeg 230w, https:\/\/www.europeansforartsakh.eu\/wp-content\/uploads\/2024\/01\/prisonniers_fr-350x350.jpeg 350w, https:\/\/www.europeansforartsakh.eu\/wp-content\/uploads\/2024\/01\/prisonniers_fr-480x480.jpeg 480w, https:\/\/www.europeansforartsakh.eu\/wp-content\/uploads\/2024\/01\/prisonniers_fr.jpeg 1440w\" sizes=\"auto, (max-width: 1024px) 100vw, 1024px\" \/>\t\t\t\t\t\t\t\t\t\t\t\t\t\t\t<\/div>\n\t\t\t\t<\/div>\n\t\t\t\t\t<\/div>\n\t\t<\/div>\n\t\t\t\t<div class=\"elementor-column elementor-col-50 elementor-top-column elementor-element elementor-element-9531bd0\" data-id=\"9531bd0\" data-element_type=\"column\">\n\t\t\t<div class=\"elementor-widget-wrap elementor-element-populated\">\n\t\t\t\t\t\t\t\t<div class=\"elementor-element elementor-element-bbb97f3 elementor-widget elementor-widget-text-editor\" data-id=\"bbb97f3\" data-element_type=\"widget\" data-no-translation=\"\" data-widget_type=\"text-editor.default\">\n\t\t\t\t<div class=\"elementor-widget-container\">\n\t\t\t<style>.elementor-element-bbb97f3{display:none !important}<\/style>\t\t<\/div>\n\t\t\t\t<\/div>\n\t\t\t\t<div class=\"elementor-element elementor-element-5be7c86 elementor-widget elementor-widget-text-editor\" data-id=\"5be7c86\" data-element_type=\"widget\" data-no-translation=\"\" data-widget_type=\"text-editor.default\">\n\t\t\t\t<div class=\"elementor-widget-container\">\n\t\t\t\t\t\t\t<div>\u00a0<\/div><div title=\"Page 1\"><div><div><div><ul><li><p>Condamner l\u2019e\u0301puration ethnique et la politique ge\u0301nocidaire de l&#8217;Azerbai\u0308djan,<\/p><\/li><li><p>Demander la mise en \u0153uvre de sanctions contre Bakou,<\/p><\/li><li><p>Exiger la libe\u0301ration des prisonniers de guerre et des otages, dont les responsables politiques et militaires,<\/p><\/li><li><p>Re\u0301clamer la protection de l\u2019Arme\u0301nie,<\/p><\/li><li><p>Exprimer notre solidarite\u0301 avec les Arme\u0301niens d&#8217;Artsakh dans leur volonte\u0301 de revivre sur leurs terres ancestrales libres et le respect de leurs droits.<\/p><\/li><li>Que les habitants d\u2019Artsakh revivent en paix et en se\u0301curite\u0301 sur leur terre<\/li><\/ul><\/div><\/div><\/div><\/div>\t\t\t\t\t\t<\/div>\n\t\t\t\t<\/div>\n\t\t\t\t<div class=\"elementor-element elementor-element-84e658c elementor-widget elementor-widget-text-editor\" data-id=\"84e658c\" data-element_type=\"widget\" data-no-translation=\"\" data-widget_type=\"text-editor.default\">\n\t\t\t\t<div class=\"elementor-widget-container\">\n\t\t\t\t\t\t\t<p><strong>LEUR AVENIR DE\u0301PEND AUSSI DE NOUS !<\/strong><\/p>\t\t\t\t\t\t<\/div>\n\t\t\t\t<\/div>\n\t\t\t\t\t<\/div>\n\t\t<\/div>\n\t\t\t\t\t\t\t<\/div>\n\t\t<\/section>\n\t\t\t\t<section class=\"elementor-section elementor-top-section elementor-element elementor-element-5d9b3d2 elementor-section-boxed elementor-section-height-default elementor-section-height-default\" data-id=\"5d9b3d2\" data-element_type=\"section\">\n\t\t\t\t\t\t<div class=\"elementor-container elementor-column-gap-default\">\n\t\t\t\t\t<div class=\"elementor-column elementor-col-100 elementor-top-column elementor-element elementor-element-0519b68\" data-id=\"0519b68\" data-element_type=\"column\">\n\t\t\t<div class=\"elementor-widget-wrap elementor-element-populated\">\n\t\t\t\t\t\t\t\t<div class=\"elementor-element elementor-element-59023e0 elementor-widget elementor-widget-image\" data-id=\"59023e0\" data-element_type=\"widget\" data-no-translation=\"\" data-widget_type=\"image.default\">\n\t\t\t\t<div class=\"elementor-widget-container\">\n\t\t\t<style>.elementor-element-59023e0{display:none !important}<\/style>\t\t<\/div>\n\t\t\t\t<\/div>\n\t\t\t\t<div class=\"elementor-element elementor-element-5b5fc96 elementor-widget elementor-widget-image\" data-id=\"5b5fc96\" data-element_type=\"widget\" data-no-translation=\"\" data-widget_type=\"image.default\">\n\t\t\t\t<div class=\"elementor-widget-container\">\n\t\t\t\t\t\t\t\t\t\t\t\t\t\t\t<img loading=\"lazy\" decoding=\"async\" width=\"1024\" height=\"1024\" src=\"https:\/\/www.europeansforartsakh.eu\/wp-content\/uploads\/2024\/01\/mobilisation_villes_fr-1024x1024.jpeg\" class=\"attachment-large size-large wp-image-9711\" alt=\"\" srcset=\"https:\/\/www.europeansforartsakh.eu\/wp-content\/uploads\/2024\/01\/mobilisation_villes_fr-1024x1024.jpeg 1024w, https:\/\/www.europeansforartsakh.eu\/wp-content\/uploads\/2024\/01\/mobilisation_villes_fr-300x300.jpeg 300w, https:\/\/www.europeansforartsakh.eu\/wp-content\/uploads\/2024\/01\/mobilisation_villes_fr-150x150.jpeg 150w, https:\/\/www.europeansforartsakh.eu\/wp-content\/uploads\/2024\/01\/mobilisation_villes_fr-768x768.jpeg 768w, https:\/\/www.europeansforartsakh.eu\/wp-content\/uploads\/2024\/01\/mobilisation_villes_fr-12x12.jpeg 12w, https:\/\/www.europeansforartsakh.eu\/wp-content\/uploads\/2024\/01\/mobilisation_villes_fr-1000x1000.jpeg 1000w, https:\/\/www.europeansforartsakh.eu\/wp-content\/uploads\/2024\/01\/mobilisation_villes_fr-230x230.jpeg 230w, https:\/\/www.europeansforartsakh.eu\/wp-content\/uploads\/2024\/01\/mobilisation_villes_fr-350x350.jpeg 350w, https:\/\/www.europeansforartsakh.eu\/wp-content\/uploads\/2024\/01\/mobilisation_villes_fr-480x480.jpeg 480w, https:\/\/www.europeansforartsakh.eu\/wp-content\/uploads\/2024\/01\/mobilisation_villes_fr.jpeg 1440w\" sizes=\"auto, (max-width: 1024px) 100vw, 1024px\" \/>\t\t\t\t\t\t\t\t\t\t\t\t\t\t\t<\/div>\n\t\t\t\t<\/div>\n\t\t\t\t\t<\/div>\n\t\t<\/div>\n\t\t\t\t\t\t\t<\/div>\n\t\t<\/section>\n\t\t\t\t<section class=\"elementor-section elementor-top-section elementor-element elementor-element-44bdbab elementor-section-boxed elementor-section-height-default elementor-section-height-default\" data-id=\"44bdbab\" data-element_type=\"section\">\n\t\t\t\t\t\t<div class=\"elementor-container elementor-column-gap-default\">\n\t\t\t\t\t<div class=\"elementor-column elementor-col-100 elementor-top-column elementor-element elementor-element-9674fc8\" data-id=\"9674fc8\" data-element_type=\"column\">\n\t\t\t<div class=\"elementor-widget-wrap elementor-element-populated\">\n\t\t\t\t\t\t\t\t<div class=\"elementor-element elementor-element-4e6ebaa elementor-widget elementor-widget-heading\" data-id=\"4e6ebaa\" data-element_type=\"widget\" data-widget_type=\"heading.default\">\n\t\t\t\t<div class=\"elementor-widget-container\">\n\t\t\t<style>\/*! elementor - v3.15.0 - 09-08-2023 *\/\n.elementor-heading-title{padding:0;margin:0;line-height:1}.elementor-widget-heading .elementor-heading-title[class*=elementor-size-]>a{color:inherit;font-size:inherit;line-height:inherit}.elementor-widget-heading .elementor-heading-title.elementor-size-small{font-size:15px}.elementor-widget-heading .elementor-heading-title.elementor-size-medium{font-size:19px}.elementor-widget-heading .elementor-heading-title.elementor-size-large{font-size:29px}.elementor-widget-heading .elementor-heading-title.elementor-size-xl{font-size:39px}.elementor-widget-heading .elementor-heading-title.elementor-size-xxl{font-size:59px}<\/style><h3 class=\"elementor-heading-title elementor-size-default\">27 JANVIER<\/h3>\t\t<\/div>\n\t\t\t\t<\/div>\n\t\t\t\t\t<\/div>\n\t\t<\/div>\n\t\t\t\t\t\t\t<\/div>\n\t\t<\/section>\n\t\t\t\t<section class=\"elementor-section elementor-top-section elementor-element elementor-element-c00d431 elementor-section-boxed elementor-section-height-default elementor-section-height-default\" data-id=\"c00d431\" data-element_type=\"section\">\n\t\t\t\t\t\t<div class=\"elementor-container elementor-column-gap-default\">\n\t\t\t\t\t<div class=\"elementor-column elementor-col-100 elementor-top-column elementor-element elementor-element-e25d01b\" data-id=\"e25d01b\" data-element_type=\"column\">\n\t\t\t<div class=\"elementor-widget-wrap elementor-element-populated\">\n\t\t\t\t\t\t\t\t<div class=\"elementor-element elementor-element-13a67d3 elementor-widget elementor-widget-text-editor\" data-id=\"13a67d3\" data-element_type=\"widget\" data-widget_type=\"text-editor.default\">\n\t\t\t\t<div class=\"elementor-widget-container\">\n\t\t\t\t\t\t\t<ul><li>Clermont-Ferrand de 13h \u00e0 17h &#8211; Place de Jaude<\/li><li>Grenoble \u00e0 16h00 \u00e0 la Maison de la Culture Arm\u00e9nienne \u2013 15, Cr de la Lib\u00e9ration et du G\u00e9n\u00e9ral de Gaulle<\/li><li>Meyzieu \u00e0 16h00 devant la Mairie, place de l\u00b4Europe<\/li><li>Nice \u00e0 11h30 devant le Palais de Justice<\/li><li>Villeurbanne \u00e0 16h00 \u00e0 la Maison de la Culture Arm\u00e9nienne \u2013 68 avenue Marcel Cerdan<\/li><li>Strasbourg le 27 janvier \u00e0 13h00 face \u00e0 la Cour europ\u00e9enne des droits de l&#8217;Homme, all\u00e9e des Droits de l&#8217;Homme.<\/li><\/ul><p><style>@font-face<br \/>\t{font-family:Wingdings;<br \/>\tpanose-1:5 0 0 0 0 0 0 0 0 0;<br \/>\tmso-font-charset:77;<br \/>\tmso-generic-font-family:decorative;<br \/>\tmso-font-pitch:variable;<br \/>\tmso-font-signature:3 0 0 0 -2147483647 0;}@font-face<br \/>\t{font-family:\"Cambria Math\";<br \/>\tpanose-1:2 4 5 3 5 4 6 3 2 4;<br \/>\tmso-font-charset:0;<br \/>\tmso-generic-font-family:roman;<br \/>\tmso-font-pitch:variable;<br \/>\tmso-font-signature:-536870145 1107305727 0 0 415 0;}@font-face<br \/>\t{font-family:\"Open Sans\";<br \/>\tpanose-1:0 0 0 0 0 0 0 0 0 0;<br \/>\tmso-font-charset:0;<br \/>\tmso-generic-font-family:auto;<br \/>\tmso-font-pitch:variable;<br \/>\tmso-font-signature:-536870145 1073750043 40 0 415 0;}@font-face<br \/>\t{font-family:\"Andale Sans UI\";<br \/>\tpanose-1:2 11 6 4 2 2 2 2 2 4;<br \/>\tmso-font-alt:Cambria;<br \/>\tmso-font-charset:0;<br \/>\tmso-generic-font-family:roman;<br \/>\tmso-font-pitch:auto;<br \/>\tmso-font-signature:0 0 0 0 0 0;}@font-face<br \/>\t{font-family:Tahoma;<br \/>\tpanose-1:2 11 6 4 3 5 4 4 2 4;<br \/>\tmso-font-charset:0;<br \/>\tmso-generic-font-family:swiss;<br \/>\tmso-font-pitch:variable;<br \/>\tmso-font-signature:-520081665 -1073717157 41 0 66047 0;}p.MsoNormal, li.MsoNormal, div.MsoNormal<br \/>\t{mso-style-unhide:no;<br \/>\tmso-style-qformat:yes;<br \/>\tmso-style-parent:\"\";<br \/>\tmargin:0cm;<br \/>\tmso-pagination:none;<br \/>\tmso-hyphenate:none;<br \/>\tfont-size:12.0pt;<br \/>\tfont-family:\"Times New Roman\",serif;<br \/>\tmso-fareast-font-family:\"Andale Sans UI\";<br \/>\tmso-bidi-font-family:Tahoma;<br \/>\tmso-font-kerning:1.0pt;<br \/>\tmso-ansi-language:DE;<br \/>\tmso-fareast-language:JA;<br \/>\tmso-bidi-language:FA;}p.MsoListParagraph, li.MsoListParagraph, div.MsoListParagraph<br \/>\t{mso-style-priority:34;<br \/>\tmso-style-unhide:no;<br \/>\tmso-style-qformat:yes;<br \/>\tmargin-top:0cm;<br \/>\tmargin-right:0cm;<br \/>\tmargin-bottom:0cm;<br \/>\tmargin-left:36.0pt;<br \/>\tmso-add-space:auto;<br \/>\tmso-pagination:none;<br \/>\tmso-hyphenate:none;<br \/>\tfont-size:12.0pt;<br \/>\tfont-family:\"Times New Roman\",serif;<br \/>\tmso-fareast-font-family:\"Andale Sans UI\";<br \/>\tmso-bidi-font-family:Tahoma;<br \/>\tmso-font-kerning:1.0pt;<br \/>\tmso-ansi-language:DE;<br \/>\tmso-fareast-language:JA;<br \/>\tmso-bidi-language:FA;}p.MsoListParagraphCxSpFirst, li.MsoListParagraphCxSpFirst, div.MsoListParagraphCxSpFirst<br \/>\t{mso-style-priority:34;<br \/>\tmso-style-unhide:no;<br \/>\tmso-style-qformat:yes;<br \/>\tmso-style-type:export-only;<br \/>\tmargin-top:0cm;<br \/>\tmargin-right:0cm;<br \/>\tmargin-bottom:0cm;<br \/>\tmargin-left:36.0pt;<br \/>\tmso-add-space:auto;<br \/>\tmso-pagination:none;<br \/>\tmso-hyphenate:none;<br \/>\tfont-size:12.0pt;<br \/>\tfont-family:\"Times New Roman\",serif;<br \/>\tmso-fareast-font-family:\"Andale Sans UI\";<br \/>\tmso-bidi-font-family:Tahoma;<br \/>\tmso-font-kerning:1.0pt;<br \/>\tmso-ansi-language:DE;<br \/>\tmso-fareast-language:JA;<br \/>\tmso-bidi-language:FA;}p.MsoListParagraphCxSpMiddle, li.MsoListParagraphCxSpMiddle, div.MsoListParagraphCxSpMiddle<br \/>\t{mso-style-priority:34;<br \/>\tmso-style-unhide:no;<br \/>\tmso-style-qformat:yes;<br \/>\tmso-style-type:export-only;<br \/>\tmargin-top:0cm;<br \/>\tmargin-right:0cm;<br \/>\tmargin-bottom:0cm;<br \/>\tmargin-left:36.0pt;<br \/>\tmso-add-space:auto;<br \/>\tmso-pagination:none;<br \/>\tmso-hyphenate:none;<br \/>\tfont-size:12.0pt;<br \/>\tfont-family:\"Times New Roman\",serif;<br \/>\tmso-fareast-font-family:\"Andale Sans UI\";<br \/>\tmso-bidi-font-family:Tahoma;<br \/>\tmso-font-kerning:1.0pt;<br \/>\tmso-ansi-language:DE;<br \/>\tmso-fareast-language:JA;<br \/>\tmso-bidi-language:FA;}p.MsoListParagraphCxSpLast, li.MsoListParagraphCxSpLast, div.MsoListParagraphCxSpLast<br \/>\t{mso-style-priority:34;<br \/>\tmso-style-unhide:no;<br \/>\tmso-style-qformat:yes;<br \/>\tmso-style-type:export-only;<br \/>\tmargin-top:0cm;<br \/>\tmargin-right:0cm;<br \/>\tmargin-bottom:0cm;<br \/>\tmargin-left:36.0pt;<br \/>\tmso-add-space:auto;<br \/>\tmso-pagination:none;<br \/>\tmso-hyphenate:none;<br \/>\tfont-size:12.0pt;<br \/>\tfont-family:\"Times New Roman\",serif;<br \/>\tmso-fareast-font-family:\"Andale Sans UI\";<br \/>\tmso-bidi-font-family:Tahoma;<br \/>\tmso-font-kerning:1.0pt;<br \/>\tmso-ansi-language:DE;<br \/>\tmso-fareast-language:JA;<br \/>\tmso-bidi-language:FA;}.MsoChpDefault<br \/>\t{mso-style-type:export-only;<br \/>\tmso-default-props:yes;<br \/>\tmso-fareast-font-family:\"Andale Sans UI\";<br \/>\tmso-bidi-font-family:Tahoma;<br \/>\tmso-ligatures:none;<br \/>\tmso-ansi-language:DE;<br \/>\tmso-fareast-language:JA;<br \/>\tmso-bidi-language:FA;}.MsoPapDefault<br \/>\t{mso-style-type:export-only;}div.WordSection1<br \/>\t{page:WordSection1;}ol<br \/>\t{margin-bottom:0cm;}ul<br \/>\t{margin-bottom:0cm;}<\/style><\/p>\t\t\t\t\t\t<\/div>\n\t\t\t\t<\/div>\n\t\t\t\t\t<\/div>\n\t\t<\/div>\n\t\t\t\t\t\t\t<\/div>\n\t\t<\/section>\n\t\t\t\t<section class=\"elementor-section elementor-top-section elementor-element elementor-element-b49f940 elementor-section-boxed elementor-section-height-default elementor-section-height-default\" data-id=\"b49f940\" data-element_type=\"section\">\n\t\t\t\t\t\t<div class=\"elementor-container elementor-column-gap-default\">\n\t\t\t\t\t<div class=\"elementor-column elementor-col-100 elementor-top-column elementor-element elementor-element-002482b\" data-id=\"002482b\" data-element_type=\"column\">\n\t\t\t<div class=\"elementor-widget-wrap elementor-element-populated\">\n\t\t\t\t\t\t\t\t<div class=\"elementor-element elementor-element-6d25f0b elementor-widget elementor-widget-heading\" data-id=\"6d25f0b\" data-element_type=\"widget\" data-widget_type=\"heading.default\">\n\t\t\t\t<div class=\"elementor-widget-container\">\n\t\t\t<h3 class=\"elementor-heading-title elementor-size-default\">28 JANVIER<\/h3>\t\t<\/div>\n\t\t\t\t<\/div>\n\t\t\t\t\t<\/div>\n\t\t<\/div>\n\t\t\t\t\t\t\t<\/div>\n\t\t<\/section>\n\t\t\t\t<section class=\"elementor-section elementor-top-section elementor-element elementor-element-db7fb13 elementor-section-boxed elementor-section-height-default elementor-section-height-default\" data-id=\"db7fb13\" data-element_type=\"section\">\n\t\t\t\t\t\t<div class=\"elementor-container elementor-column-gap-default\">\n\t\t\t\t\t<div class=\"elementor-column elementor-col-100 elementor-top-column elementor-element elementor-element-23ac41c\" data-id=\"23ac41c\" data-element_type=\"column\">\n\t\t\t<div class=\"elementor-widget-wrap elementor-element-populated\">\n\t\t\t\t\t\t\t\t<div class=\"elementor-element elementor-element-d389e9f elementor-widget elementor-widget-text-editor\" data-id=\"d389e9f\" data-element_type=\"widget\" data-widget_type=\"text-editor.default\">\n\t\t\t\t<div class=\"elementor-widget-container\">\n\t\t\t\t\t\t\t<ul><li>Alfortville \u00e0 12h00 devant la Mairie, place Fran\u00e7ois-Mitterrand<\/li><li>Antony \u00e0 17h00 \u00e0 l&#8217;Espace Patrick Devedjian \u2013 144, avenue L\u00e9on-Blum<\/li><li>Arnouville \u00e0 12h30 devant la st\u00e8le en m\u00e9moire du G\u00e9nocide des Arm\u00e9niens \u2013 74, rue Jean-Jaur\u00e8s<\/li><li>Ch\u00e2teauroux \u00e0 13h00 devant la Mairie \u2013 1, place de la R\u00e9publique<\/li><li>D\u00e9cines de 9h00 \u00e0 19h00 \u00e0 la Salle des F\u00eates &#8211; Place Roger-Salengro<\/li><li>Marseille \u00e0 12h00 devant l\u2019\u00e9glise dite de Saint-J\u00e9r\u00f4me (\u00c9glise apostolique arm\u00e9nienne Saint Sahak et Saint Mesrob) &#8211; 6, bd Charles-Zeytountzian<\/li><li>Marseille \u00e0 12h00 devant l&#8217;\u00e9glise dite de Beaumont (\u00c9glise Saint Gr\u00e9goire l&#8217;Illuminateur) &#8211; 8, impasse des Monts (13012)<\/li><li>Marseille \u00e0 12h00 devant l&#8217;\u00e9glise dite de Prado (Cath\u00e9drale apostolique arm\u00e9nienne des Saints Traducteurs) &#8211; 339, avenue du Prado<\/li><li>Paris \u00e0 13h00 devant la Statue de Komitas &#8211; Place du Canada<\/li><li>Valence \u00e0 17h00 devant la fontaine des Boulevards &#8211; 15, bd Bancel<\/li><\/ul>\t\t\t\t\t\t<\/div>\n\t\t\t\t<\/div>\n\t\t\t\t\t<\/div>\n\t\t<\/div>\n\t\t\t\t\t\t\t<\/div>\n\t\t<\/section>\n\t\t\t\t\t\t\t<\/div>","protected":false},"excerpt":{"rendered":"<p>MOBILIZATION27th AND 28th JANUARY 2024IN MORE THAN 50 CITIES IN EUROPE MOBILISATIONLES 27 ET 28 JANVIER 2024DANS PLUS DE 50 VILLES D\u2019EUROPE As a result [&hellip;]<\/p>","protected":false},"author":1,"featured_media":0,"parent":0,"menu_order":0,"comment_status":"closed","ping_status":"closed","template":"page-templates\/page_front-page.php","meta":{"footnotes":""},"class_list":["post-9696","page","type-page","status-publish","hentry"],"_links":{"self":[{"href":"https:\/\/www.europeansforartsakh.eu\/fr\/wp-json\/wp\/v2\/pages\/9696","targetHints":{"allow":["GET"]}}],"collection":[{"href":"https:\/\/www.europeansforartsakh.eu\/fr\/wp-json\/wp\/v2\/pages"}],"about":[{"href":"https:\/\/www.europeansforartsakh.eu\/fr\/wp-json\/wp\/v2\/types\/page"}],"author":[{"embeddable":true,"href":"https:\/\/www.europeansforartsakh.eu\/fr\/wp-json\/wp\/v2\/users\/1"}],"replies":[{"embeddable":true,"href":"https:\/\/www.europeansforartsakh.eu\/fr\/wp-json\/wp\/v2\/comments?post=9696"}],"version-history":[{"count":72,"href":"https:\/\/www.europeansforartsakh.eu\/fr\/wp-json\/wp\/v2\/pages\/9696\/revisions"}],"predecessor-version":[{"id":9780,"href":"https:\/\/www.europeansforartsakh.eu\/fr\/wp-json\/wp\/v2\/pages\/9696\/revisions\/9780"}],"wp:attachment":[{"href":"https:\/\/www.europeansforartsakh.eu\/fr\/wp-json\/wp\/v2\/media?parent=9696"}],"curies":[{"name":"wp","href":"https:\/\/api.w.org\/{rel}","templated":true}]}}